{"id":15,"date":"2014-01-27T23:36:42","date_gmt":"2014-01-27T21:36:42","guid":{"rendered":"http:\/\/derobstladen.de\/?page_id=15"},"modified":"2014-03-24T00:10:24","modified_gmt":"2014-03-23T22:10:24","slug":"produkte","status":"publish","type":"page","link":"https:\/\/derobstladen.de\/?page_id=15","title":{"rendered":"Produkte"},"content":{"rendered":"<p>Gesundes und Schmackhaftes geht bei uns \u00fcber den Ladentisch und das eine oder andere nette Wort und so mancher Gag.<\/p>\n<p>Gesunde Produkte die Sie bei uns je nach Saison finden:<br \/>\nFeinen Obstsalat t\u00e4glich frisch f\u00fcr Sie zubereitet, frisch gepresste S\u00e4fte, heimische sowie exotische Fr\u00fcchte und Gem\u00fcse, lecker Pilze, feinstes Bircher M\u00fcsli, gesunde und schmackhafte Kr\u00e4uter, k\u00f6stliche selbstgemachte Marmelade, Honig, Eier, Pesto, Senf, Essig und\u00a0\u00d6l (zum abf\u00fcllen &#8211; auch in eigene Flaschen), originelle sch\u00f6ne Geschenkideen&#8230; uvm.<\/p>\n<p>Wir freuen uns \u00fcber Ihren Besuch in unsrem Obstladen!\n<div class=\"ngg-galleryoverview ngg-slideshow\"\n\tid=\"ngg-slideshow-51a196340552351bd8213b8506c589b3-2502035890\"\n\tdata-gallery-id=\"51a196340552351bd8213b8506c589b3\"\n\tstyle=\"max-width: 600px;\n\t\t\tmax-height: 400px;\n\t\t\tdisplay: none;\">\n\n\t\n\t\t<a href=\"https:\/\/derobstladen.de\/wp-content\/gallery\/produkte\/Der-Obstladenund-was-dazugehoert-230314imgl0014.JPG\"\n\t\t\ttitle=\"\"\n\t\t\tdata-src=\"https:\/\/derobstladen.de\/wp-content\/gallery\/produkte\/Der-Obstladenund-was-dazugehoert-230314imgl0014.JPG\"\n\t\t\tdata-thumbnail=\"https:\/\/derobstladen.de\/wp-content\/gallery\/produkte\/thumbs\/thumbs_Der-Obstladenund-was-dazugehoert-230314imgl0014.JPG\"\n\t\t\tdata-image-id=\"22\"\n\t\t\tdata-title=\"Der Obstladenund was dazugehoert 230314imgl0014\"\n\t\t\tdata-description=\"\"\n\t\t\tclass=\"ngg-fancybox\" rel=\"51a196340552351bd8213b8506c589b3\">\n\n\t\t\t<img data-image-id='22'\n\t\t\t\ttitle=\"\"\n\t\t\t\talt=\"Der Obstladenund was dazugehoert 230314imgl0014\"\n\t\t\t\tsrc=\"https:\/\/derobstladen.de\/wp-content\/gallery\/produkte\/Der-Obstladenund-was-dazugehoert-230314imgl0014.JPG\"\n\t\t\t\tstyle=\"max-height: 380px;\"\/>\n\t\t<\/a>\n\n\t\t\n\t\t<a href=\"https:\/\/derobstladen.de\/wp-content\/gallery\/produkte\/Der-Obstladenund-was-dazugehoert-230314imgl0016.JPG\"\n\t\t\ttitle=\" \"\n\t\t\tdata-src=\"https:\/\/derobstladen.de\/wp-content\/gallery\/produkte\/Der-Obstladenund-was-dazugehoert-230314imgl0016.JPG\"\n\t\t\tdata-thumbnail=\"https:\/\/derobstladen.de\/wp-content\/gallery\/produkte\/thumbs\/thumbs_Der-Obstladenund-was-dazugehoert-230314imgl0016.JPG\"\n\t\t\tdata-image-id=\"23\"\n\t\t\tdata-title=\"Der Obstladenund was dazugehoert 230314imgl0016\"\n\t\t\tdata-description=\" \"\n\t\t\tclass=\"ngg-fancybox\" rel=\"51a196340552351bd8213b8506c589b3\">\n\n\t\t\t<img data-image-id='23'\n\t\t\t\ttitle=\" \"\n\t\t\t\talt=\"Der Obstladenund was dazugehoert 230314imgl0016\"\n\t\t\t\tsrc=\"https:\/\/derobstladen.de\/wp-content\/gallery\/produkte\/Der-Obstladenund-was-dazugehoert-230314imgl0016.JPG\"\n\t\t\t\tstyle=\"max-height: 380px;\"\/>\n\t\t<\/a>\n\n\t\t\n\t\t<a href=\"https:\/\/derobstladen.de\/wp-content\/gallery\/produkte\/Der-Obstladenund-was-dazugehoert-230314imgl0092.JPG\"\n\t\t\ttitle=\" \"\n\t\t\tdata-src=\"https:\/\/derobstladen.de\/wp-content\/gallery\/produkte\/Der-Obstladenund-was-dazugehoert-230314imgl0092.JPG\"\n\t\t\tdata-thumbnail=\"https:\/\/derobstladen.de\/wp-content\/gallery\/produkte\/thumbs\/thumbs_Der-Obstladenund-was-dazugehoert-230314imgl0092.JPG\"\n\t\t\tdata-image-id=\"24\"\n\t\t\tdata-title=\"Der Obstladenund was dazugehoert 230314imgl0092\"\n\t\t\tdata-description=\" \"\n\t\t\tclass=\"ngg-fancybox\" rel=\"51a196340552351bd8213b8506c589b3\">\n\n\t\t\t<img data-image-id='24'\n\t\t\t\ttitle=\" \"\n\t\t\t\talt=\"Der Obstladenund was dazugehoert 230314imgl0092\"\n\t\t\t\tsrc=\"https:\/\/derobstladen.de\/wp-content\/gallery\/produkte\/Der-Obstladenund-was-dazugehoert-230314imgl0092.JPG\"\n\t\t\t\tstyle=\"max-height: 380px;\"\/>\n\t\t<\/a>\n\n\t\t\n\t\t<a href=\"https:\/\/derobstladen.de\/wp-content\/gallery\/produkte\/Der-Obstladenund-was-dazugehoert-230314imgl0279.JPG\"\n\t\t\ttitle=\" \"\n\t\t\tdata-src=\"https:\/\/derobstladen.de\/wp-content\/gallery\/produkte\/Der-Obstladenund-was-dazugehoert-230314imgl0279.JPG\"\n\t\t\tdata-thumbnail=\"https:\/\/derobstladen.de\/wp-content\/gallery\/produkte\/thumbs\/thumbs_Der-Obstladenund-was-dazugehoert-230314imgl0279.JPG\"\n\t\t\tdata-image-id=\"25\"\n\t\t\tdata-title=\"Der Obstladenund was dazugehoert 230314imgl0279\"\n\t\t\tdata-description=\" \"\n\t\t\tclass=\"ngg-fancybox\" rel=\"51a196340552351bd8213b8506c589b3\">\n\n\t\t\t<img data-image-id='25'\n\t\t\t\ttitle=\" \"\n\t\t\t\talt=\"Der Obstladenund was dazugehoert 230314imgl0279\"\n\t\t\t\tsrc=\"https:\/\/derobstladen.de\/wp-content\/gallery\/produkte\/Der-Obstladenund-was-dazugehoert-230314imgl0279.JPG\"\n\t\t\t\tstyle=\"max-height: 380px;\"\/>\n\t\t<\/a>\n\n\t\t\n\t\t<a href=\"https:\/\/derobstladen.de\/wp-content\/gallery\/produkte\/Der-Obstladenund-was-dazugehoert-230314imgl0280.JPG\"\n\t\t\ttitle=\" \"\n\t\t\tdata-src=\"https:\/\/derobstladen.de\/wp-content\/gallery\/produkte\/Der-Obstladenund-was-dazugehoert-230314imgl0280.JPG\"\n\t\t\tdata-thumbnail=\"https:\/\/derobstladen.de\/wp-content\/gallery\/produkte\/thumbs\/thumbs_Der-Obstladenund-was-dazugehoert-230314imgl0280.JPG\"\n\t\t\tdata-image-id=\"26\"\n\t\t\tdata-title=\"Der Obstladenund was dazugehoert 230314imgl0280\"\n\t\t\tdata-description=\" \"\n\t\t\tclass=\"ngg-fancybox\" rel=\"51a196340552351bd8213b8506c589b3\">\n\n\t\t\t<img data-image-id='26'\n\t\t\t\ttitle=\" \"\n\t\t\t\talt=\"Der Obstladenund was dazugehoert 230314imgl0280\"\n\t\t\t\tsrc=\"https:\/\/derobstladen.de\/wp-content\/gallery\/produkte\/Der-Obstladenund-was-dazugehoert-230314imgl0280.JPG\"\n\t\t\t\tstyle=\"max-height: 380px;\"\/>\n\t\t<\/a>\n\n\t\t\n\t\t<a href=\"https:\/\/derobstladen.de\/wp-content\/gallery\/produkte\/Der-Obstladenund-was-dazugehoert-230314imgl0284.JPG\"\n\t\t\ttitle=\" \"\n\t\t\tdata-src=\"https:\/\/derobstladen.de\/wp-content\/gallery\/produkte\/Der-Obstladenund-was-dazugehoert-230314imgl0284.JPG\"\n\t\t\tdata-thumbnail=\"https:\/\/derobstladen.de\/wp-content\/gallery\/produkte\/thumbs\/thumbs_Der-Obstladenund-was-dazugehoert-230314imgl0284.JPG\"\n\t\t\tdata-image-id=\"27\"\n\t\t\tdata-title=\"Der Obstladenund was dazugehoert 230314imgl0284\"\n\t\t\tdata-description=\" \"\n\t\t\tclass=\"ngg-fancybox\" rel=\"51a196340552351bd8213b8506c589b3\">\n\n\t\t\t<img data-image-id='27'\n\t\t\t\ttitle=\" \"\n\t\t\t\talt=\"Der Obstladenund was dazugehoert 230314imgl0284\"\n\t\t\t\tsrc=\"https:\/\/derobstladen.de\/wp-content\/gallery\/produkte\/Der-Obstladenund-was-dazugehoert-230314imgl0284.JPG\"\n\t\t\t\tstyle=\"max-height: 380px;\"\/>\n\t\t<\/a>\n\n\t\t\n\t\t<a href=\"https:\/\/derobstladen.de\/wp-content\/gallery\/produkte\/Der-Obstladenund-was-dazugehoert-230314imgl0286.JPG\"\n\t\t\ttitle=\" \"\n\t\t\tdata-src=\"https:\/\/derobstladen.de\/wp-content\/gallery\/produkte\/Der-Obstladenund-was-dazugehoert-230314imgl0286.JPG\"\n\t\t\tdata-thumbnail=\"https:\/\/derobstladen.de\/wp-content\/gallery\/produkte\/thumbs\/thumbs_Der-Obstladenund-was-dazugehoert-230314imgl0286.JPG\"\n\t\t\tdata-image-id=\"28\"\n\t\t\tdata-title=\"Der Obstladenund was dazugehoert 230314imgl0286\"\n\t\t\tdata-description=\" \"\n\t\t\tclass=\"ngg-fancybox\" rel=\"51a196340552351bd8213b8506c589b3\">\n\n\t\t\t<img data-image-id='28'\n\t\t\t\ttitle=\" \"\n\t\t\t\talt=\"Der Obstladenund was dazugehoert 230314imgl0286\"\n\t\t\t\tsrc=\"https:\/\/derobstladen.de\/wp-content\/gallery\/produkte\/Der-Obstladenund-was-dazugehoert-230314imgl0286.JPG\"\n\t\t\t\tstyle=\"max-height: 380px;\"\/>\n\t\t<\/a>\n\n\t\t\n\t\t<a href=\"https:\/\/derobstladen.de\/wp-content\/gallery\/produkte\/Der-Obstladenund-was-dazugehoert-230314imgl0287.JPG\"\n\t\t\ttitle=\" \"\n\t\t\tdata-src=\"https:\/\/derobstladen.de\/wp-content\/gallery\/produkte\/Der-Obstladenund-was-dazugehoert-230314imgl0287.JPG\"\n\t\t\tdata-thumbnail=\"https:\/\/derobstladen.de\/wp-content\/gallery\/produkte\/thumbs\/thumbs_Der-Obstladenund-was-dazugehoert-230314imgl0287.JPG\"\n\t\t\tdata-image-id=\"29\"\n\t\t\tdata-title=\"Der Obstladenund was dazugehoert 230314imgl0287\"\n\t\t\tdata-description=\" \"\n\t\t\tclass=\"ngg-fancybox\" rel=\"51a196340552351bd8213b8506c589b3\">\n\n\t\t\t<img data-image-id='29'\n\t\t\t\ttitle=\" \"\n\t\t\t\talt=\"Der Obstladenund was dazugehoert 230314imgl0287\"\n\t\t\t\tsrc=\"https:\/\/derobstladen.de\/wp-content\/gallery\/produkte\/Der-Obstladenund-was-dazugehoert-230314imgl0287.JPG\"\n\t\t\t\tstyle=\"max-height: 380px;\"\/>\n\t\t<\/a>\n\n\t\t\n\t\t<a href=\"https:\/\/derobstladen.de\/wp-content\/gallery\/produkte\/Der-Obstladenund-was-dazugehoert-230314imgl0291.JPG\"\n\t\t\ttitle=\" \"\n\t\t\tdata-src=\"https:\/\/derobstladen.de\/wp-content\/gallery\/produkte\/Der-Obstladenund-was-dazugehoert-230314imgl0291.JPG\"\n\t\t\tdata-thumbnail=\"https:\/\/derobstladen.de\/wp-content\/gallery\/produkte\/thumbs\/thumbs_Der-Obstladenund-was-dazugehoert-230314imgl0291.JPG\"\n\t\t\tdata-image-id=\"30\"\n\t\t\tdata-title=\"Der Obstladenund was dazugehoert 230314imgl0291\"\n\t\t\tdata-description=\" \"\n\t\t\tclass=\"ngg-fancybox\" rel=\"51a196340552351bd8213b8506c589b3\">\n\n\t\t\t<img data-image-id='30'\n\t\t\t\ttitle=\" \"\n\t\t\t\talt=\"Der Obstladenund was dazugehoert 230314imgl0291\"\n\t\t\t\tsrc=\"https:\/\/derobstladen.de\/wp-content\/gallery\/produkte\/Der-Obstladenund-was-dazugehoert-230314imgl0291.JPG\"\n\t\t\t\tstyle=\"max-height: 380px;\"\/>\n\t\t<\/a>\n\n\t\t\n\t\t<a href=\"https:\/\/derobstladen.de\/wp-content\/gallery\/produkte\/Der-Obstladenund-was-dazugehoert-230314imgl0296.JPG\"\n\t\t\ttitle=\" \"\n\t\t\tdata-src=\"https:\/\/derobstladen.de\/wp-content\/gallery\/produkte\/Der-Obstladenund-was-dazugehoert-230314imgl0296.JPG\"\n\t\t\tdata-thumbnail=\"https:\/\/derobstladen.de\/wp-content\/gallery\/produkte\/thumbs\/thumbs_Der-Obstladenund-was-dazugehoert-230314imgl0296.JPG\"\n\t\t\tdata-image-id=\"31\"\n\t\t\tdata-title=\"Der Obstladenund was dazugehoert 230314imgl0296\"\n\t\t\tdata-description=\" \"\n\t\t\tclass=\"ngg-fancybox\" rel=\"51a196340552351bd8213b8506c589b3\">\n\n\t\t\t<img data-image-id='31'\n\t\t\t\ttitle=\" \"\n\t\t\t\talt=\"Der Obstladenund was dazugehoert 230314imgl0296\"\n\t\t\t\tsrc=\"https:\/\/derobstladen.de\/wp-content\/gallery\/produkte\/Der-Obstladenund-was-dazugehoert-230314imgl0296.JPG\"\n\t\t\t\tstyle=\"max-height: 380px;\"\/>\n\t\t<\/a>\n\n\t\t\n\t\t<a href=\"https:\/\/derobstladen.de\/wp-content\/gallery\/produkte\/Der-Obstladenund-was-dazugehoert-230314imgl0331.JPG\"\n\t\t\ttitle=\" \"\n\t\t\tdata-src=\"https:\/\/derobstladen.de\/wp-content\/gallery\/produkte\/Der-Obstladenund-was-dazugehoert-230314imgl0331.JPG\"\n\t\t\tdata-thumbnail=\"https:\/\/derobstladen.de\/wp-content\/gallery\/produkte\/thumbs\/thumbs_Der-Obstladenund-was-dazugehoert-230314imgl0331.JPG\"\n\t\t\tdata-image-id=\"32\"\n\t\t\tdata-title=\"Der Obstladenund was dazugehoert 230314imgl0331\"\n\t\t\tdata-description=\" \"\n\t\t\tclass=\"ngg-fancybox\" rel=\"51a196340552351bd8213b8506c589b3\">\n\n\t\t\t<img data-image-id='32'\n\t\t\t\ttitle=\" \"\n\t\t\t\talt=\"Der Obstladenund was dazugehoert 230314imgl0331\"\n\t\t\t\tsrc=\"https:\/\/derobstladen.de\/wp-content\/gallery\/produkte\/Der-Obstladenund-was-dazugehoert-230314imgl0331.JPG\"\n\t\t\t\tstyle=\"max-height: 380px;\"\/>\n\t\t<\/a>\n\n\t\t\n\t\t<a href=\"https:\/\/derobstladen.de\/wp-content\/gallery\/produkte\/Der-Obstladenund-was-dazugehoert-230314imgl0336.JPG\"\n\t\t\ttitle=\" \"\n\t\t\tdata-src=\"https:\/\/derobstladen.de\/wp-content\/gallery\/produkte\/Der-Obstladenund-was-dazugehoert-230314imgl0336.JPG\"\n\t\t\tdata-thumbnail=\"https:\/\/derobstladen.de\/wp-content\/gallery\/produkte\/thumbs\/thumbs_Der-Obstladenund-was-dazugehoert-230314imgl0336.JPG\"\n\t\t\tdata-image-id=\"33\"\n\t\t\tdata-title=\"Der Obstladenund was dazugehoert 230314imgl0336\"\n\t\t\tdata-description=\" \"\n\t\t\tclass=\"ngg-fancybox\" rel=\"51a196340552351bd8213b8506c589b3\">\n\n\t\t\t<img data-image-id='33'\n\t\t\t\ttitle=\" \"\n\t\t\t\talt=\"Der Obstladenund was dazugehoert 230314imgl0336\"\n\t\t\t\tsrc=\"https:\/\/derobstladen.de\/wp-content\/gallery\/produkte\/Der-Obstladenund-was-dazugehoert-230314imgl0336.JPG\"\n\t\t\t\tstyle=\"max-height: 380px;\"\/>\n\t\t<\/a>\n\n\t\t\n\t\t<a href=\"https:\/\/derobstladen.de\/wp-content\/gallery\/produkte\/Der-Obstladenund-was-dazugehoert-230314imgl0340.JPG\"\n\t\t\ttitle=\" \"\n\t\t\tdata-src=\"https:\/\/derobstladen.de\/wp-content\/gallery\/produkte\/Der-Obstladenund-was-dazugehoert-230314imgl0340.JPG\"\n\t\t\tdata-thumbnail=\"https:\/\/derobstladen.de\/wp-content\/gallery\/produkte\/thumbs\/thumbs_Der-Obstladenund-was-dazugehoert-230314imgl0340.JPG\"\n\t\t\tdata-image-id=\"34\"\n\t\t\tdata-title=\"Der Obstladenund was dazugehoert 230314imgl0340\"\n\t\t\tdata-description=\" \"\n\t\t\tclass=\"ngg-fancybox\" rel=\"51a196340552351bd8213b8506c589b3\">\n\n\t\t\t<img data-image-id='34'\n\t\t\t\ttitle=\" \"\n\t\t\t\talt=\"Der Obstladenund was dazugehoert 230314imgl0340\"\n\t\t\t\tsrc=\"https:\/\/derobstladen.de\/wp-content\/gallery\/produkte\/Der-Obstladenund-was-dazugehoert-230314imgl0340.JPG\"\n\t\t\t\tstyle=\"max-height: 380px;\"\/>\n\t\t<\/a>\n\n\t\t\n\t\t<a href=\"https:\/\/derobstladen.de\/wp-content\/gallery\/produkte\/Der-Obstladenund-was-dazugehoert-230314imgl0341.JPG\"\n\t\t\ttitle=\" \"\n\t\t\tdata-src=\"https:\/\/derobstladen.de\/wp-content\/gallery\/produkte\/Der-Obstladenund-was-dazugehoert-230314imgl0341.JPG\"\n\t\t\tdata-thumbnail=\"https:\/\/derobstladen.de\/wp-content\/gallery\/produkte\/thumbs\/thumbs_Der-Obstladenund-was-dazugehoert-230314imgl0341.JPG\"\n\t\t\tdata-image-id=\"35\"\n\t\t\tdata-title=\"Der Obstladenund was dazugehoert 230314imgl0341\"\n\t\t\tdata-description=\" \"\n\t\t\tclass=\"ngg-fancybox\" rel=\"51a196340552351bd8213b8506c589b3\">\n\n\t\t\t<img data-image-id='35'\n\t\t\t\ttitle=\" \"\n\t\t\t\talt=\"Der Obstladenund was dazugehoert 230314imgl0341\"\n\t\t\t\tsrc=\"https:\/\/derobstladen.de\/wp-content\/gallery\/produkte\/Der-Obstladenund-was-dazugehoert-230314imgl0341.JPG\"\n\t\t\t\tstyle=\"max-height: 380px;\"\/>\n\t\t<\/a>\n\n\t\t\n\t\t<a href=\"https:\/\/derobstladen.de\/wp-content\/gallery\/produkte\/Der-Obstladenund-was-dazugehoert-230314imgl0345.JPG\"\n\t\t\ttitle=\" \"\n\t\t\tdata-src=\"https:\/\/derobstladen.de\/wp-content\/gallery\/produkte\/Der-Obstladenund-was-dazugehoert-230314imgl0345.JPG\"\n\t\t\tdata-thumbnail=\"https:\/\/derobstladen.de\/wp-content\/gallery\/produkte\/thumbs\/thumbs_Der-Obstladenund-was-dazugehoert-230314imgl0345.JPG\"\n\t\t\tdata-image-id=\"36\"\n\t\t\tdata-title=\"Der Obstladenund was dazugehoert 230314imgl0345\"\n\t\t\tdata-description=\" \"\n\t\t\tclass=\"ngg-fancybox\" rel=\"51a196340552351bd8213b8506c589b3\">\n\n\t\t\t<img data-image-id='36'\n\t\t\t\ttitle=\" \"\n\t\t\t\talt=\"Der Obstladenund was dazugehoert 230314imgl0345\"\n\t\t\t\tsrc=\"https:\/\/derobstladen.de\/wp-content\/gallery\/produkte\/Der-Obstladenund-was-dazugehoert-230314imgl0345.JPG\"\n\t\t\t\tstyle=\"max-height: 380px;\"\/>\n\t\t<\/a>\n\n\t\t\n\t\t<a href=\"https:\/\/derobstladen.de\/wp-content\/gallery\/produkte\/Der-Obstladenund-was-dazugehoert-230314imgl0349.JPG\"\n\t\t\ttitle=\" \"\n\t\t\tdata-src=\"https:\/\/derobstladen.de\/wp-content\/gallery\/produkte\/Der-Obstladenund-was-dazugehoert-230314imgl0349.JPG\"\n\t\t\tdata-thumbnail=\"https:\/\/derobstladen.de\/wp-content\/gallery\/produkte\/thumbs\/thumbs_Der-Obstladenund-was-dazugehoert-230314imgl0349.JPG\"\n\t\t\tdata-image-id=\"37\"\n\t\t\tdata-title=\"Der Obstladenund was dazugehoert 230314imgl0349\"\n\t\t\tdata-description=\" \"\n\t\t\tclass=\"ngg-fancybox\" rel=\"51a196340552351bd8213b8506c589b3\">\n\n\t\t\t<img data-image-id='37'\n\t\t\t\ttitle=\" \"\n\t\t\t\talt=\"Der Obstladenund was dazugehoert 230314imgl0349\"\n\t\t\t\tsrc=\"https:\/\/derobstladen.de\/wp-content\/gallery\/produkte\/Der-Obstladenund-was-dazugehoert-230314imgl0349.JPG\"\n\t\t\t\tstyle=\"max-height: 380px;\"\/>\n\t\t<\/a>\n\n\t\t\n\t\t<a href=\"https:\/\/derobstladen.de\/wp-content\/gallery\/produkte\/Der-Obstladenund-was-dazugehoert-230314imgl0350.JPG\"\n\t\t\ttitle=\" \"\n\t\t\tdata-src=\"https:\/\/derobstladen.de\/wp-content\/gallery\/produkte\/Der-Obstladenund-was-dazugehoert-230314imgl0350.JPG\"\n\t\t\tdata-thumbnail=\"https:\/\/derobstladen.de\/wp-content\/gallery\/produkte\/thumbs\/thumbs_Der-Obstladenund-was-dazugehoert-230314imgl0350.JPG\"\n\t\t\tdata-image-id=\"38\"\n\t\t\tdata-title=\"Der Obstladenund was dazugehoert 230314imgl0350\"\n\t\t\tdata-description=\" \"\n\t\t\tclass=\"ngg-fancybox\" rel=\"51a196340552351bd8213b8506c589b3\">\n\n\t\t\t<img data-image-id='38'\n\t\t\t\ttitle=\" \"\n\t\t\t\talt=\"Der Obstladenund was dazugehoert 230314imgl0350\"\n\t\t\t\tsrc=\"https:\/\/derobstladen.de\/wp-content\/gallery\/produkte\/Der-Obstladenund-was-dazugehoert-230314imgl0350.JPG\"\n\t\t\t\tstyle=\"max-height: 380px;\"\/>\n\t\t<\/a>\n\n\t\t\n\t\t<a href=\"https:\/\/derobstladen.de\/wp-content\/gallery\/produkte\/Der-Obstladenund-was-dazugehoert-230314imgl0359.JPG\"\n\t\t\ttitle=\" \"\n\t\t\tdata-src=\"https:\/\/derobstladen.de\/wp-content\/gallery\/produkte\/Der-Obstladenund-was-dazugehoert-230314imgl0359.JPG\"\n\t\t\tdata-thumbnail=\"https:\/\/derobstladen.de\/wp-content\/gallery\/produkte\/thumbs\/thumbs_Der-Obstladenund-was-dazugehoert-230314imgl0359.JPG\"\n\t\t\tdata-image-id=\"39\"\n\t\t\tdata-title=\"Der Obstladenund was dazugehoert 230314imgl0359\"\n\t\t\tdata-description=\" \"\n\t\t\tclass=\"ngg-fancybox\" rel=\"51a196340552351bd8213b8506c589b3\">\n\n\t\t\t<img data-image-id='39'\n\t\t\t\ttitle=\" \"\n\t\t\t\talt=\"Der Obstladenund was dazugehoert 230314imgl0359\"\n\t\t\t\tsrc=\"https:\/\/derobstladen.de\/wp-content\/gallery\/produkte\/Der-Obstladenund-was-dazugehoert-230314imgl0359.JPG\"\n\t\t\t\tstyle=\"max-height: 380px;\"\/>\n\t\t<\/a>\n\n\t\t\n\t\t<a href=\"https:\/\/derobstladen.de\/wp-content\/gallery\/produkte\/Der-Obstladenund-was-dazugehoert-230314imgl0362.JPG\"\n\t\t\ttitle=\" \"\n\t\t\tdata-src=\"https:\/\/derobstladen.de\/wp-content\/gallery\/produkte\/Der-Obstladenund-was-dazugehoert-230314imgl0362.JPG\"\n\t\t\tdata-thumbnail=\"https:\/\/derobstladen.de\/wp-content\/gallery\/produkte\/thumbs\/thumbs_Der-Obstladenund-was-dazugehoert-230314imgl0362.JPG\"\n\t\t\tdata-image-id=\"40\"\n\t\t\tdata-title=\"Der Obstladenund was dazugehoert 230314imgl0362\"\n\t\t\tdata-description=\" \"\n\t\t\tclass=\"ngg-fancybox\" rel=\"51a196340552351bd8213b8506c589b3\">\n\n\t\t\t<img data-image-id='40'\n\t\t\t\ttitle=\" \"\n\t\t\t\talt=\"Der Obstladenund was dazugehoert 230314imgl0362\"\n\t\t\t\tsrc=\"https:\/\/derobstladen.de\/wp-content\/gallery\/produkte\/Der-Obstladenund-was-dazugehoert-230314imgl0362.JPG\"\n\t\t\t\tstyle=\"max-height: 380px;\"\/>\n\t\t<\/a>\n\n\t\t\n\t\t<a href=\"https:\/\/derobstladen.de\/wp-content\/gallery\/produkte\/Der-Obstladenund-was-dazugehoert-230314imgl0372.JPG\"\n\t\t\ttitle=\" \"\n\t\t\tdata-src=\"https:\/\/derobstladen.de\/wp-content\/gallery\/produkte\/Der-Obstladenund-was-dazugehoert-230314imgl0372.JPG\"\n\t\t\tdata-thumbnail=\"https:\/\/derobstladen.de\/wp-content\/gallery\/produkte\/thumbs\/thumbs_Der-Obstladenund-was-dazugehoert-230314imgl0372.JPG\"\n\t\t\tdata-image-id=\"41\"\n\t\t\tdata-title=\"Der Obstladenund was dazugehoert 230314imgl0372\"\n\t\t\tdata-description=\" \"\n\t\t\tclass=\"ngg-fancybox\" rel=\"51a196340552351bd8213b8506c589b3\">\n\n\t\t\t<img data-image-id='41'\n\t\t\t\ttitle=\" \"\n\t\t\t\talt=\"Der Obstladenund was dazugehoert 230314imgl0372\"\n\t\t\t\tsrc=\"https:\/\/derobstladen.de\/wp-content\/gallery\/produkte\/Der-Obstladenund-was-dazugehoert-230314imgl0372.JPG\"\n\t\t\t\tstyle=\"max-height: 380px;\"\/>\n\t\t<\/a>\n\n\t\t\n\t\t<a href=\"https:\/\/derobstladen.de\/wp-content\/gallery\/produkte\/Der-Obstladenund-was-dazugehoert-230314imgl0374.JPG\"\n\t\t\ttitle=\" \"\n\t\t\tdata-src=\"https:\/\/derobstladen.de\/wp-content\/gallery\/produkte\/Der-Obstladenund-was-dazugehoert-230314imgl0374.JPG\"\n\t\t\tdata-thumbnail=\"https:\/\/derobstladen.de\/wp-content\/gallery\/produkte\/thumbs\/thumbs_Der-Obstladenund-was-dazugehoert-230314imgl0374.JPG\"\n\t\t\tdata-image-id=\"42\"\n\t\t\tdata-title=\"Der Obstladenund was dazugehoert 230314imgl0374\"\n\t\t\tdata-description=\" \"\n\t\t\tclass=\"ngg-fancybox\" rel=\"51a196340552351bd8213b8506c589b3\">\n\n\t\t\t<img data-image-id='42'\n\t\t\t\ttitle=\" \"\n\t\t\t\talt=\"Der Obstladenund was dazugehoert 230314imgl0374\"\n\t\t\t\tsrc=\"https:\/\/derobstladen.de\/wp-content\/gallery\/produkte\/Der-Obstladenund-was-dazugehoert-230314imgl0374.JPG\"\n\t\t\t\tstyle=\"max-height: 380px;\"\/>\n\t\t<\/a>\n\n\t\t\n\t\t<a href=\"https:\/\/derobstladen.de\/wp-content\/gallery\/produkte\/Der-Obstladenund-was-dazugehoert-230314imgl0377.JPG\"\n\t\t\ttitle=\" \"\n\t\t\tdata-src=\"https:\/\/derobstladen.de\/wp-content\/gallery\/produkte\/Der-Obstladenund-was-dazugehoert-230314imgl0377.JPG\"\n\t\t\tdata-thumbnail=\"https:\/\/derobstladen.de\/wp-content\/gallery\/produkte\/thumbs\/thumbs_Der-Obstladenund-was-dazugehoert-230314imgl0377.JPG\"\n\t\t\tdata-image-id=\"43\"\n\t\t\tdata-title=\"Der Obstladenund was dazugehoert 230314imgl0377\"\n\t\t\tdata-description=\" \"\n\t\t\tclass=\"ngg-fancybox\" rel=\"51a196340552351bd8213b8506c589b3\">\n\n\t\t\t<img data-image-id='43'\n\t\t\t\ttitle=\" \"\n\t\t\t\talt=\"Der Obstladenund was dazugehoert 230314imgl0377\"\n\t\t\t\tsrc=\"https:\/\/derobstladen.de\/wp-content\/gallery\/produkte\/Der-Obstladenund-was-dazugehoert-230314imgl0377.JPG\"\n\t\t\t\tstyle=\"max-height: 380px;\"\/>\n\t\t<\/a>\n\n\t\t\n\t\t<a href=\"https:\/\/derobstladen.de\/wp-content\/gallery\/produkte\/Der-Obstladenund-was-dazugehoert-230314imgl0380.JPG\"\n\t\t\ttitle=\" \"\n\t\t\tdata-src=\"https:\/\/derobstladen.de\/wp-content\/gallery\/produkte\/Der-Obstladenund-was-dazugehoert-230314imgl0380.JPG\"\n\t\t\tdata-thumbnail=\"https:\/\/derobstladen.de\/wp-content\/gallery\/produkte\/thumbs\/thumbs_Der-Obstladenund-was-dazugehoert-230314imgl0380.JPG\"\n\t\t\tdata-image-id=\"44\"\n\t\t\tdata-title=\"Der Obstladenund was dazugehoert 230314imgl0380\"\n\t\t\tdata-description=\" \"\n\t\t\tclass=\"ngg-fancybox\" rel=\"51a196340552351bd8213b8506c589b3\">\n\n\t\t\t<img data-image-id='44'\n\t\t\t\ttitle=\" \"\n\t\t\t\talt=\"Der Obstladenund was dazugehoert 230314imgl0380\"\n\t\t\t\tsrc=\"https:\/\/derobstladen.de\/wp-content\/gallery\/produkte\/Der-Obstladenund-was-dazugehoert-230314imgl0380.JPG\"\n\t\t\t\tstyle=\"max-height: 380px;\"\/>\n\t\t<\/a>\n\n\t\t<\/div>\n\n\t\t<!-- Thumbnails Link -->\n\t<div class=\"slideshowlink\" style=\"max-width: 600px;\">\n\t\t<a href='https:\/\/derobstladen.de\/index.php\/nggallery\/thumbnails?page_id=15'>[Show thumbnails]<\/a>\n\t<\/div>\n\n<\/p>\n<p>&nbsp;<\/p>\n","protected":false},"excerpt":{"rendered":"<p>Gesundes und Schmackhaftes geht bei uns \u00fcber den Ladentisch und das eine oder andere nette Wort und so mancher Gag. Gesunde Produkte die Sie bei uns je nach Saison finden: Feinen Obstsalat t\u00e4glich frisch f\u00fcr Sie zubereitet, frisch gepresste S\u00e4fte,<\/p>\n","protected":false},"author":1,"featured_media":0,"parent":0,"menu_order":0,"comment_status":"closed","ping_status":"closed","template":"","meta":{"ngg_post_thumbnail":0,"footnotes":""},"class_list":["post-15","page","type-page","status-publish","hentry"],"_links":{"self":[{"href":"https:\/\/derobstladen.de\/index.php?rest_route=\/wp\/v2\/pages\/15","targetHints":{"allow":["GET"]}}],"collection":[{"href":"https:\/\/derobstladen.de\/index.php?rest_route=\/wp\/v2\/pages"}],"about":[{"href":"https:\/\/derobstladen.de\/index.php?rest_route=\/wp\/v2\/types\/page"}],"author":[{"embeddable":true,"href":"https:\/\/derobstladen.de\/index.php?rest_route=\/wp\/v2\/users\/1"}],"replies":[{"embeddable":true,"href":"https:\/\/derobstladen.de\/index.php?rest_route=%2Fwp%2Fv2%2Fcomments&post=15"}],"version-history":[{"count":7,"href":"https:\/\/derobstladen.de\/index.php?rest_route=\/wp\/v2\/pages\/15\/revisions"}],"predecessor-version":[{"id":295,"href":"https:\/\/derobstladen.de\/index.php?rest_route=\/wp\/v2\/pages\/15\/revisions\/295"}],"wp:attachment":[{"href":"https:\/\/derobstladen.de\/index.php?rest_route=%2Fwp%2Fv2%2Fmedia&parent=15"}],"curies":[{"name":"wp","href":"https:\/\/api.w.org\/{rel}","templated":true}]}}